{"id":1970,"date":"2019-08-27T12:50:45","date_gmt":"2019-08-27T10:50:45","guid":{"rendered":"https:\/\/www.grundschule-herkenrath.de\/hp\/?page_id=1970"},"modified":"2019-08-27T14:00:15","modified_gmt":"2019-08-27T12:00:15","slug":"sponsoren","status":"publish","type":"page","link":"https:\/\/www.grundschule-herkenrath.de\/hp\/foerderverein\/sponsoren\/","title":{"rendered":"Sponsoren"},"content":{"rendered":"\n<ul>\n<li>Kreissparkasse K\u00f6ln<\/li>\n<li>VR Bank Bergisch Gladbach<\/li>\n<\/ul>\n<p>Ein herzliches Dankesch\u00f6n f\u00fcr die finanzielle Unterst\u00fctzung einzelner Schulprojekte. Ohne diese Hilfe w\u00e4re vieles nicht m\u00f6glich!<\/p>\n<p>Bedanken m\u00f6chte sich der F\u00f6rderverein auch beim Schulchor unserer Schule, denn durch die Auftritte und durch den CD-Verkauf darf sich der F\u00f6rderverein immer wieder \u00fcber tolle Einnahmen freuen. Unser Dank gilt allen Sch\u00fclern und Sch\u00fclerinnen und nat\u00fcrlich Frau Bittner!\u00a0<\/p>\n","protected":false},"excerpt":{"rendered":"<p>Kreissparkasse K\u00f6ln VR Bank Bergisch Gladbach Ein herzliches Dankesch\u00f6n f\u00fcr die finanzielle Unterst\u00fctzung einzelner Schulprojekte. Ohne diese Hilfe w\u00e4re vieles nicht m\u00f6glich! Bedanken m\u00f6chte sich der F\u00f6rderverein auch beim Schulchor unserer Schule, denn durch die Auftritte und durch den CD-Verkauf darf sich der F\u00f6rderverein immer wieder \u00fcber tolle Einnahmen freuen. Unser Dank gilt allen Sch\u00fclern [&hellip;]<\/p>\n","protected":false},"author":3,"featured_media":0,"parent":127,"menu_order":0,"comment_status":"closed","ping_status":"closed","template":"","meta":{"footnotes":""},"class_list":["post-1970","page","type-page","status-publish","hentry"],"_links":{"self":[{"href":"https:\/\/www.grundschule-herkenrath.de\/hp\/wp-json\/wp\/v2\/pages\/1970","targetHints":{"allow":["GET"]}}],"collection":[{"href":"https:\/\/www.grundschule-herkenrath.de\/hp\/wp-json\/wp\/v2\/pages"}],"about":[{"href":"https:\/\/www.grundschule-herkenrath.de\/hp\/wp-json\/wp\/v2\/types\/page"}],"author":[{"embeddable":true,"href":"https:\/\/www.grundschule-herkenrath.de\/hp\/wp-json\/wp\/v2\/users\/3"}],"replies":[{"embeddable":true,"href":"https:\/\/www.grundschule-herkenrath.de\/hp\/wp-json\/wp\/v2\/comments?post=1970"}],"version-history":[{"count":3,"href":"https:\/\/www.grundschule-herkenrath.de\/hp\/wp-json\/wp\/v2\/pages\/1970\/revisions"}],"predecessor-version":[{"id":1987,"href":"https:\/\/www.grundschule-herkenrath.de\/hp\/wp-json\/wp\/v2\/pages\/1970\/revisions\/1987"}],"up":[{"embeddable":true,"href":"https:\/\/www.grundschule-herkenrath.de\/hp\/wp-json\/wp\/v2\/pages\/127"}],"wp:attachment":[{"href":"https:\/\/www.grundschule-herkenrath.de\/hp\/wp-json\/wp\/v2\/media?parent=1970"}],"curies":[{"name":"wp","href":"https:\/\/api.w.org\/{rel}","templated":true}]}}